{"id":3,"date":"2022-05-11T14:40:44","date_gmt":"2022-05-11T12:40:44","guid":{"rendered":"https:\/\/cwm.brotsalz.de\/?page_id=3"},"modified":"2023-03-03T15:42:42","modified_gmt":"2023-03-03T14:42:42","slug":"datenschutzerklaerung","status":"publish","type":"page","link":"https:\/\/coldwarmuseum.de\/fr\/declaration-de-confidentialite\/","title":{"rendered":"D\u00e9claration de confidentialit\u00e9"},"content":{"rendered":"<div class=\"wp-block-spacer\" style=\"height: 160px;\" aria-hidden=\"true\">\u00a0<\/div>\n\n\n\n<div class=\"wp-block-group groupSpacing dsCont\"><div class=\"wp-block-group__inner-container is-layout-flow wp-block-group-is-layout-flow\"><div class=\"wp-bootstrap-blocks-container container-fluid mb-0\">\n\t\n<div class=\"wp-bootstrap-blocks-container container-xl mb-0\">\n\t\n<div class=\"wp-bootstrap-blocks-row row mb-5 pb-5\">\n\t\n\n<div class=\"col-12\">\n\t\t\t\n\n<p class=\"is-style-secIndRed\">PROTECTION DE LA VIE PRIV\u00c9E<\/p>\n\n\n\n<h2 class=\"bigClaim has-c-5-color has-text-color wp-block-heading\">D\u00e9claration de confidentialit\u00e9<\/h2>\n\n\n\n<ol class=\"wp-block-list\">\n<li><strong>Champ d'application<\/strong><br>Cette d\u00e9claration de protection des donn\u00e9es informe les utilisateurs sur la nature, l'\u00e9tendue et les finalit\u00e9s de la collecte et de l'utilisation des donn\u00e9es personnelles par le fournisseur responsable CWM COLD WAR Museum GmbH, Leipziger Platz 7, 10117 Berlin, sur ce site Web (ci-apr\u00e8s d\u00e9nomm\u00e9 \"offre\").<\/li>\n\n\n\n<li><strong>G\u00e9n\u00e9ralit\u00e9s sur le traitement des donn\u00e9es<\/strong>\n<ol class=\"wp-block-list\">\n<li><strong>Port\u00e9e du traitement des donn\u00e9es \u00e0 caract\u00e8re personnel<\/strong><br>Nous ne traitons les donn\u00e9es personnelles de nos utilisateurs que dans la mesure o\u00f9 elles sont n\u00e9cessaires \u00e0 la mise \u00e0 disposition d'un site Internet fonctionnel ainsi que de nos contenus et prestations. Le traitement des donn\u00e9es personnelles de nos utilisateurs n'a lieu r\u00e9guli\u00e8rement qu'apr\u00e8s le consentement de l'utilisateur. Une exception s'applique dans les cas o\u00f9 l'obtention pr\u00e9alable d'un consentement n'est pas possible pour des raisons r\u00e9elles et o\u00f9 le traitement des donn\u00e9es est autoris\u00e9 par des dispositions l\u00e9gales.<\/li>\n\n\n\n<li><strong>Base juridique pour le traitement des donn\u00e9es \u00e0 caract\u00e8re personnel<\/strong><br>Dans la mesure o\u00f9 nous demandons le consentement de la personne concern\u00e9e pour les op\u00e9rations de traitement des donn\u00e9es \u00e0 caract\u00e8re personnel, l'article 6, paragraphe 1, point a), du r\u00e8glement g\u00e9n\u00e9ral sur la protection des donn\u00e9es (RGPD) de l'UE sert de base juridique. <br><br>Lors du traitement de donn\u00e9es \u00e0 caract\u00e8re personnel n\u00e9cessaire \u00e0 l'ex\u00e9cution d'un contrat auquel la personne concern\u00e9e est partie, l'article 6, paragraphe 1, point b), du RGPD sert de base juridique. Cela s'applique \u00e9galement aux op\u00e9rations de traitement n\u00e9cessaires \u00e0 l'ex\u00e9cution de mesures pr\u00e9contractuelles. <br><br>Dans la mesure o\u00f9 le traitement de donn\u00e9es \u00e0 caract\u00e8re personnel est n\u00e9cessaire au respect d'une obligation l\u00e9gale \u00e0 laquelle notre entreprise est soumise, l'article 6, paragraphe 1, point c) du RGPD sert de base juridique. Si les int\u00e9r\u00eats vitaux de la personne concern\u00e9e ou d'une autre personne physique n\u00e9cessitent le traitement de donn\u00e9es \u00e0 caract\u00e8re personnel, l'article 6, paragraphe 1, point d) du RGPD sert de base juridique. <br><br>Si le traitement est n\u00e9cessaire \u00e0 la sauvegarde d'un int\u00e9r\u00eat l\u00e9gitime de notre entreprise ou d'un tiers et si les int\u00e9r\u00eats, les droits fondamentaux et les libert\u00e9s fondamentales de la personne concern\u00e9e ne pr\u00e9valent pas sur le premier int\u00e9r\u00eat cit\u00e9, l'article 6, paragraphe 1, point f) du RGPD sert de base juridique au traitement.<\/li>\n\n\n\n<li><strong>Effacement des donn\u00e9es et dur\u00e9e de conservation<\/strong><br>Les donn\u00e9es \u00e0 caract\u00e8re personnel de la personne concern\u00e9e sont effac\u00e9es ou bloqu\u00e9es d\u00e8s que la finalit\u00e9 du stockage n'est plus applicable. Un stockage peut en outre avoir lieu si le l\u00e9gislateur europ\u00e9en ou national l'a pr\u00e9vu dans des r\u00e8glements, lois ou autres dispositions du droit de l'Union auxquels le responsable est soumis. Les donn\u00e9es sont \u00e9galement bloqu\u00e9es ou supprim\u00e9es lorsqu'un d\u00e9lai de stockage prescrit par les normes mentionn\u00e9es expire, \u00e0 moins qu'il ne soit n\u00e9cessaire de continuer \u00e0 stocker les donn\u00e9es pour la conclusion ou l'ex\u00e9cution d'un contrat.<\/li>\n<\/ol>\n<\/li>\n\n\n\n<li><strong>Mise \u00e0 disposition du site web et cr\u00e9ation de fichiers journaux<\/strong>\n<ol class=\"wp-block-list\">\n<li><strong>Description et port\u00e9e du traitement des donn\u00e9es<\/strong><br>Chaque fois que vous consultez notre site Internet, notre syst\u00e8me collecte automatiquement des donn\u00e9es et des informations \u00e0 partir du syst\u00e8me informatique de l'ordinateur qui consulte le site. <br>Les donn\u00e9es suivantes sont collect\u00e9es \u00e0 cette occasion : <br><br>1. informations sur le type de navigateur et la version utilis\u00e9e <br>2. le syst\u00e8me d'exploitation de l'utilisateur <br>3. le fournisseur d'acc\u00e8s \u00e0 Internet de l'utilisateur <br>4. l'adresse IP de l'utilisateur 5. la date et l'heure de l'acc\u00e8s <br>6. les sites web \u00e0 partir desquels le syst\u00e8me de l'utilisateur acc\u00e8de \u00e0 notre site web 7. les sites web auxquels le syst\u00e8me de l'utilisateur acc\u00e8de via notre site web<\/li>\n\n\n\n<li><strong>Donn\u00e9es d'acc\u00e8s\/fichiers journaux du serveur<\/strong><br>Le fournisseur (ou son fournisseur d'espace web) collecte des donn\u00e9es sur chaque acc\u00e8s \u00e0 l'offre (appel\u00e9es fichiers journaux du serveur). Le fournisseur utilise les donn\u00e9es du journal uniquement pour la s\u00e9curit\u00e9, la correction des erreurs et l'optimisation de l'offre. Le fournisseur se r\u00e9serve toutefois le droit de v\u00e9rifier ult\u00e9rieurement les donn\u00e9es du journal si, sur la base d'indices concrets, il existe un soup\u00e7on l\u00e9gitime d'utilisation ill\u00e9gale.<\/li>\n\n\n\n<li><strong>Base juridique pour le traitement des donn\u00e9es<\/strong><br>La base juridique pour le stockage temporaire des donn\u00e9es et des fichiers journaux est l'article 6, paragraphe 1, point f) du RGPD.<\/li>\n\n\n\n<li><strong>Finalit\u00e9 du traitement des donn\u00e9es<\/strong><br>Le stockage temporaire de l'adresse IP par le syst\u00e8me est n\u00e9cessaire pour permettre la livraison du site Web \u00e0 l'ordinateur de l'utilisateur. Pour cela, l'adresse IP de l'utilisateur doit \u00eatre conserv\u00e9e pendant la dur\u00e9e de la session. <br><br>Le stockage dans des fichiers journaux est effectu\u00e9 pour assurer le bon fonctionnement du site web. En outre, les donn\u00e9es nous servent \u00e0 optimiser le site web et \u00e0 assurer la s\u00e9curit\u00e9 de nos syst\u00e8mes informatiques. Les donn\u00e9es ne sont pas exploit\u00e9es \u00e0 des fins de marketing. <br><br>C'est \u00e9galement dans ces objectifs que r\u00e9side notre int\u00e9r\u00eat l\u00e9gitime \u00e0 traiter les donn\u00e9es conform\u00e9ment \u00e0 l'article 6, paragraphe 1, point f) du RGPD.<\/li>\n\n\n\n<li><strong>Dur\u00e9e de conservation<\/strong><br>Les donn\u00e9es sont supprim\u00e9es d\u00e8s qu'elles ne sont plus n\u00e9cessaires \u00e0 la r\u00e9alisation de l'objectif pour lequel elles ont \u00e9t\u00e9 collect\u00e9es. Dans le cas de la collecte des donn\u00e9es pour la mise \u00e0 disposition du site web, c'est le cas lorsque la session respective est termin\u00e9e.<\/li>\n<\/ol>\n<\/li>\n\n\n\n<li><strong>Utilisation des cookies<\/strong>\n<ol class=\"wp-block-list\">\n<li><strong>Description et port\u00e9e du traitement des donn\u00e9es<\/strong><br>Notre site web utilise des cookies. Les cookies sont des fichiers texte qui sont stock\u00e9s dans le navigateur Internet ou par le navigateur Internet sur le syst\u00e8me informatique de l'utilisateur. Lorsqu'un utilisateur consulte un site web, un cookie peut \u00eatre enregistr\u00e9 sur le syst\u00e8me d'exploitation de l'utilisateur. Ce cookie contient une cha\u00eene de caract\u00e8res caract\u00e9ristique qui permet d'identifier de mani\u00e8re univoque le navigateur lorsque l'utilisateur consulte \u00e0 nouveau le site web. <br><br>Nous utilisons des cookies pour rendre notre site web plus convivial. Certains \u00e9l\u00e9ments de notre site Internet n\u00e9cessitent que le navigateur appelant puisse \u00eatre identifi\u00e9 m\u00eame apr\u00e8s un changement de page. <br><br>Les donn\u00e9es suivantes sont alors stock\u00e9es et transmises dans les cookies : <br><br>1. param\u00e8tres de langue <br>2. informations de connexion <br><br>Les donn\u00e9es des utilisateurs ainsi collect\u00e9es sont pseudonymis\u00e9es par des moyens techniques. Il n'est donc plus possible d'attribuer les donn\u00e9es \u00e0 l'utilisateur qui les a consult\u00e9es. Les donn\u00e9es ne sont pas stock\u00e9es avec les autres donn\u00e9es personnelles des utilisateurs. <br><br>Nous utilisons en outre sur notre site web des cookies qui permettent d'analyser le comportement de navigation des utilisateurs. Voir \u00e0 ce sujet le point V. <br><br>Lorsque les utilisateurs acc\u00e8dent \u00e0 notre site web, une banni\u00e8re d'information les informe de l'utilisation de cookies \u00e0 des fins d'analyse et les renvoie \u00e0 la pr\u00e9sente d\u00e9claration de confidentialit\u00e9. Dans ce contexte, il est \u00e9galement indiqu\u00e9 comment emp\u00eacher le stockage de cookies dans les param\u00e8tres du navigateur.<\/li>\n\n\n\n<li><strong>Base juridique pour le traitement des donn\u00e9es<\/strong><br>La base juridique pour le traitement des donn\u00e9es personnelles \u00e0 l'aide de cookies est l'article 6, paragraphe 1, point f) du RGPD.<\/li>\n\n\n\n<li><strong>Finalit\u00e9 du traitement des donn\u00e9es<\/strong><br>Le but de l'utilisation de cookies techniquement n\u00e9cessaires est de faciliter l'utilisation des sites web pour les utilisateurs. Certaines fonctions de notre site Internet ne peuvent pas \u00eatre propos\u00e9es sans l'utilisation de cookies. Pour celles-ci, il est n\u00e9cessaire que le navigateur soit reconnu m\u00eame apr\u00e8s un changement de page. <br><br>Nous avons besoin de cookies pour les applications suivantes : <br><br>1. param\u00e8tres de langue <br>2. informations de connexion <br><br>Les donn\u00e9es utilisateur collect\u00e9es par les cookies techniquement n\u00e9cessaires ne sont pas utilis\u00e9es pour cr\u00e9er des profils d'utilisateurs. L'utilisation des cookies d'analyse a pour but d'am\u00e9liorer la qualit\u00e9 de notre site web et de son contenu. Les cookies d'analyse nous permettent de savoir comment le site web est utilis\u00e9 et d'optimiser ainsi en permanence notre offre. C'est \u00e9galement \u00e0 ces fins que nous avons un int\u00e9r\u00eat l\u00e9gitime \u00e0 traiter les donn\u00e9es personnelles conform\u00e9ment \u00e0 l'article 6, paragraphe 1, point f) du RGPD.<\/li>\n\n\n\n<li><strong>Dur\u00e9e de conservation, possibilit\u00e9 d'opposition et de suppression<\/strong><br>Les cookies sont stock\u00e9s sur l'ordinateur de l'utilisateur et transmis par celui-ci \u00e0 notre site. Par cons\u00e9quent, en tant qu'utilisateur, vous avez \u00e9galement un contr\u00f4le total sur l'utilisation des cookies. En modifiant les param\u00e8tres de votre navigateur Internet, vous pouvez d\u00e9sactiver ou limiter la transmission des cookies. Les cookies d\u00e9j\u00e0 enregistr\u00e9s peuvent \u00eatre supprim\u00e9s \u00e0 tout moment. Cela peut \u00e9galement \u00eatre fait de mani\u00e8re automatis\u00e9e. Si les cookies sont d\u00e9sactiv\u00e9s pour notre site web, il est possible que vous ne puissiez plus utiliser toutes les fonctions du site web.<\/li>\n<\/ol>\n<\/li>\n\n\n\n<li><strong>Suivi et analyse<\/strong>\n<ol class=\"wp-block-list\">\n<li><strong>Google Analytics<\/strong>\n<ol class=\"wp-block-list\">\n<li>Afin d'optimiser l'utilit\u00e9 de ce site web pour vous, nous utilisons l'outil d'analyse Google Analytics. Il s'agit d'un outil d'analyse standard de Google Inc. 1600 Amphitheatre Parkway Mountain View, CA 94043, \u00c9tats-Unis. Google Analytics. Pour l'analyse, Google utilise des \"cookies\" (pour les cookies, voir ci-dessus), par lesquels il obtient des informations sur votre comportement d'utilisateur et les \u00e9value en cons\u00e9quence. L'analyse de vos donn\u00e9es est anonyme. Le code de suivi de Google a \u00e9t\u00e9 compl\u00e9t\u00e9 sur nos pages web de mani\u00e8re \u00e0 ce que votre adresse IP soit raccourcie par Google des derniers chiffres avant que l'analyse ne soit effectu\u00e9e. Les informations g\u00e9n\u00e9r\u00e9es par le cookie concernant votre utilisation de ce site web ne sont transmises et stock\u00e9es sur un serveur de Google aux \u00c9tats-Unis qu'apr\u00e8s avoir \u00e9t\u00e9 rendues anonymes. Il n'est donc en principe plus possible de remonter jusqu'\u00e0 vous ni d'associer ces donn\u00e9es \u00e0 celles que Google conna\u00eet d\u00e9j\u00e0 de vous. <br><br>La collecte, l'anonymisation et l'analyse des donn\u00e9es utilisateur sont effectu\u00e9es par Google sur ordre \u00e9crit de l'exploitant du site web (voir les mentions l\u00e9gales) conform\u00e9ment au \u00a7 11 de la loi f\u00e9d\u00e9rale sur la protection des donn\u00e9es. Vous avez \u00e9galement la possibilit\u00e9 d'emp\u00eacher la collecte de vos donn\u00e9es utilisateur et l'analyse de votre comportement d'utilisateur par Google Analytics en t\u00e9l\u00e9chargeant et en installant le plug-in de navigateur sp\u00e9cialement con\u00e7u par Google et disponible sous le lien suivant : <a href=\"http:\/\/tools.google.com\/dlpage\/gaoptout?hl=de\">http:\/\/tools.google.com\/dlpage\/gaoptout?hl=de<\/a>. Pour plus d'informations sur les conditions g\u00e9n\u00e9rales d'utilisation de Google Analytics, veuillez consulter le site : <a href=\"http:\/\/www.google.com\/analytics\/terms\/de.html. \">http:\/\/www.google.com\/analytics\/terms\/de.html. <\/a><br><br>Pour conna\u00eetre les r\u00e8gles de confidentialit\u00e9 de Google Analytics, consultez le site : <a href=\"http:\/\/www.google.com\/intl\/de\/analytics\/privacyoverview.html\" target=\"_blank\" rel=\"noreferrer noopener\">http:\/\/www.google.com\/intl\/de\/analytics\/privacyoverview.html<\/a>.<\/li>\n\n\n\n<li>Dur\u00e9e de conservation Les donn\u00e9es sont supprim\u00e9es d\u00e8s qu'elles ne sont plus n\u00e9cessaires \u00e0 nos fins d'enregistrement. Dans notre cas, cela se produit apr\u00e8s 14 mois.<\/li>\n<\/ol>\n<\/li>\n\n\n\n<li><strong>Pour utiliser une technologie DMP d'ADEX<\/strong><br>Notre site utilise le tag DMP de la soci\u00e9t\u00e9 The ADEX GmbH, Berlin pour le compte de QWERTZ Media GmbH, Berlin, afin de d\u00e9terminer les donn\u00e9es d'utilisation et de mouvement sur nos offres. Les donn\u00e9es recueillies sont collect\u00e9es de mani\u00e8re anonyme. Vous pouvez vous opposer \u00e0 ce traitement de donn\u00e9es en cliquant sur le lien suivant : <a href=\"http:\/\/de.theadex.com\/company\/consumer-opt-out\/\" target=\"_blank\" rel=\"noreferrer noopener\">http:\/\/de.theadex.com\/company\/consumer-opt-out\/ <\/a>En cliquant sur le lien qui s'y trouve, le syst\u00e8me place un cookie d'arr\u00eat qui emp\u00eache le syst\u00e8me de continuer \u00e0 enregistrer les activit\u00e9s du client. Cette interdiction reste en vigueur jusqu'\u00e0 la suppression du cookie d'arr\u00eat par l'utilisateur.<\/li>\n\n\n\n<li><strong>Base juridique pour le traitement des donn\u00e9es \u00e0 caract\u00e8re personnel<\/strong><br>La base juridique pour le traitement des donn\u00e9es personnelles des utilisateurs est l'article 6, paragraphe 1, point f) du RGPD.<\/li>\n\n\n\n<li><strong>Finalit\u00e9 du traitement des donn\u00e9es<\/strong> <br>Le traitement des donn\u00e9es personnelles des utilisateurs nous permet d'analyser le comportement de navigation de nos utilisateurs. Gr\u00e2ce \u00e0 l'\u00e9valuation des donn\u00e9es obtenues, nous sommes en mesure de rassembler des informations sur l'utilisation des diff\u00e9rents composants de notre site web. Cela nous aide \u00e0 am\u00e9liorer constamment notre site web et sa convivialit\u00e9. Ces objectifs constituent \u00e9galement notre int\u00e9r\u00eat l\u00e9gitime dans le traitement des donn\u00e9es conform\u00e9ment \u00e0 l'article 6, paragraphe 1, point f) du RGPD. L'anonymisation de l'adresse IP permet de tenir suffisamment compte de l'int\u00e9r\u00eat des utilisateurs pour la protection de leurs donn\u00e9es \u00e0 caract\u00e8re personnel.<\/li>\n\n\n\n<li><strong>Possibilit\u00e9 d'opposition et de suppression<\/strong><br>Les cookies sont stock\u00e9s sur l'ordinateur de l'utilisateur et transmis par celui-ci \u00e0 notre site. Par cons\u00e9quent, en tant qu'utilisateur, vous avez \u00e9galement un contr\u00f4le total sur l'utilisation des cookies. En modifiant les param\u00e8tres de votre navigateur Internet, vous pouvez d\u00e9sactiver ou limiter la transmission des cookies. Les cookies d\u00e9j\u00e0 enregistr\u00e9s peuvent \u00eatre supprim\u00e9s \u00e0 tout moment. Cela peut \u00e9galement \u00eatre fait de mani\u00e8re automatis\u00e9e. Si les cookies sont d\u00e9sactiv\u00e9s pour notre site web, il est possible que vous ne puissiez plus utiliser toutes les fonctions du site web. Nous offrons \u00e0 nos utilisateurs la possibilit\u00e9 de se retirer de la proc\u00e9dure d'analyse sur notre site web. <br><br>Pour ce faire, vous devez suivre le lien correspondant. De cette mani\u00e8re, un autre cookie est plac\u00e9 sur votre syst\u00e8me, qui signale \u00e0 notre syst\u00e8me de ne pas enregistrer les donn\u00e9es de l'utilisateur. Si l'utilisateur supprime entre-temps le cookie correspondant de son propre syst\u00e8me, il doit \u00e0 nouveau placer le cookie opt-out. D\u00e9sactiver Google Analytics <a href=\"http:\/\/de.theadex.com\/company\/consumer-opt-out\/\" target=\"_blank\" rel=\"noreferrer noopener\">http:\/\/de.theadex.com\/company\/consumer-opt-out\/<\/a><\/li>\n<\/ol>\n<\/li>\n\n\n\n<li><strong>Formulaire de contact et contact par e-mail<\/strong>\n<ol class=\"wp-block-list\">\n<li><strong>Description et port\u00e9e du traitement des donn\u00e9es<\/strong><br>Notre site Internet contient des formulaires de contact qui peuvent \u00eatre utilis\u00e9s pour une prise de contact \u00e9lectronique. Si un utilisateur fait usage de cette possibilit\u00e9, les donn\u00e9es saisies dans le masque de saisie nous sont transmises et enregistr\u00e9es. <br><br>Ces donn\u00e9es sont les suivantes : Au moment de l'envoi du message, les donn\u00e9es suivantes sont \u00e9galement enregistr\u00e9es : <br><br>- Date et heure d'envoi <br>- Pr\u00e9nom et nom de famille <br>- Adresse \u00e9lectronique <br>- Num\u00e9ro de t\u00e9l\u00e9phone (facultatif)<br><br>Pour le traitement des donn\u00e9es, il est fait r\u00e9f\u00e9rence \u00e0 la pr\u00e9sente d\u00e9claration de confidentialit\u00e9 dans le cadre du processus d'envoi. Il est \u00e9galement possible de prendre contact via l'adresse e-mail mise \u00e0 disposition. Dans ce cas, les donn\u00e9es personnelles de l'utilisateur transmises par e-mail sont enregistr\u00e9es. Dans ce contexte, les donn\u00e9es ne sont pas transmises \u00e0 des tiers. Les donn\u00e9es sont utilis\u00e9es exclusivement pour le traitement de la conversation.<\/li>\n\n\n\n<li><strong>Base juridique pour le traitement des donn\u00e9es<\/strong><br>La base juridique pour le traitement des donn\u00e9es est, en cas de consentement de l'utilisateur, l'article 6, paragraphe 1, point a) du RGPD. La base juridique pour le traitement des donn\u00e9es transmises dans le cadre de l'envoi d'un e-mail est l'article 6, paragraphe 1, point f), du RGPD. Si le contact par e-mail vise \u00e0 la conclusion d'un contrat, la base juridique suppl\u00e9mentaire pour le traitement est l'art. 6, paragraphe 1, point b du RGPD.<\/li>\n\n\n\n<li><strong>Finalit\u00e9 du traitement des donn\u00e9es<\/strong><br>Le traitement des donn\u00e9es personnelles figurant dans le masque de saisie nous sert uniquement \u00e0 traiter la prise de contact. Dans le cas d'une prise de contact par e-mail, il s'agit \u00e9galement de l'int\u00e9r\u00eat l\u00e9gitime requis pour le traitement des donn\u00e9es. <br><br>Les autres donn\u00e9es personnelles trait\u00e9es au cours du processus d'envoi servent \u00e0 emp\u00eacher toute utilisation abusive du formulaire de contact et \u00e0 assurer la s\u00e9curit\u00e9 de nos syst\u00e8mes informatiques.<\/li>\n\n\n\n<li><strong>Dur\u00e9e de conservation<\/strong><br>Les donn\u00e9es sont supprim\u00e9es d\u00e8s qu'elles ne sont plus n\u00e9cessaires \u00e0 la r\u00e9alisation des objectifs pour lesquels elles ont \u00e9t\u00e9 collect\u00e9es. Pour les donn\u00e9es personnelles issues du masque de saisie du formulaire de contact et celles qui ont \u00e9t\u00e9 envoy\u00e9es par e-mail, cela est le cas lorsque la conversation respective avec l'utilisateur est termin\u00e9e. <br><br>La conversation est termin\u00e9e lorsque les circonstances indiquent que les faits concern\u00e9s ont \u00e9t\u00e9 d\u00e9finitivement clarifi\u00e9s. Les donn\u00e9es personnelles suppl\u00e9mentaires collect\u00e9es pendant le processus d'envoi sont supprim\u00e9es au plus tard apr\u00e8s un d\u00e9lai de sept jours.<\/li>\n\n\n\n<li><strong>Possibilit\u00e9 d'opposition et de suppression<\/strong><br>L'utilisateur a la possibilit\u00e9 de r\u00e9voquer \u00e0 tout moment son consentement au traitement de ses donn\u00e9es personnelles. Si l'utilisateur accepte par e-mail \u00e0 <a href=\"mailto:info@coldwarmuseum.de\">info@coldwarmuseum.de<\/a> Si un utilisateur prend contact avec nous, il peut \u00e0 tout moment s'opposer \u00e0 l'enregistrement de ses donn\u00e9es personnelles. Dans ce cas, la conversation ne peut pas \u00eatre poursuivie. Dans ce cas, toutes les donn\u00e9es personnelles enregistr\u00e9es lors de la prise de contact seront supprim\u00e9es.<\/li>\n<\/ol>\n<\/li>\n\n\n\n<li><strong>Bulletin d'information<\/strong>\n<ol class=\"wp-block-list\">\n<li><strong>Description et port\u00e9e du traitement des donn\u00e9es<\/strong><br>Si un utilisateur fait usage de cette possibilit\u00e9, les donn\u00e9es saisies dans le masque de saisie nous sont transmises et enregistr\u00e9es. <br><br>Ces donn\u00e9es sont <br>- Date et heure d'inscription <br>- Pr\u00e9nom et nom de famille <br>- Titre de civilit\u00e9 <br>- Adresse \u00e9lectronique <br><br>Ces donn\u00e9es sont uniquement stock\u00e9es sur les serveurs web de l'exploitant du site. Elles ne sont pas transmises \u00e0 des tiers.<\/li>\n\n\n\n<li><strong>Mesure de la r\u00e9ussite<\/strong><br>Pour mesurer la port\u00e9e de nos newsletters, nous ajoutons un code de suivi \u00e0 la newsletter. Celui-ci nous indique si un destinataire a ouvert la newsletter et s'il a suivi les liens qu'elle contient.<\/li>\n\n\n\n<li><strong>Finalit\u00e9 du traitement des donn\u00e9es<\/strong><br>Le traitement des donn\u00e9es personnelles des utilisateurs nous permet d'analyser le comportement de lecture de nos utilisateurs. Gr\u00e2ce \u00e0 l'analyse des donn\u00e9es obtenues, nous sommes en mesure de rassembler des informations sur l'utilisation des diff\u00e9rents composants de notre newsletter. Cela nous aide \u00e0 am\u00e9liorer constamment notre newsletter et sa convivialit\u00e9. Ces objectifs constituent \u00e9galement notre int\u00e9r\u00eat l\u00e9gitime dans le traitement des donn\u00e9es conform\u00e9ment \u00e0 l'article 6, paragraphe 1, point f) du RGPD.<\/li>\n<\/ol>\n<\/li>\n\n\n\n<li><strong>Achat de billets<\/strong>\n<ol class=\"wp-block-list\">\n<li><strong>Achat de billets via Reservix<\/strong><br>La vente de billets en ligne n'est pas effectu\u00e9e par nous, mais par notre partenaire Reservix. Si vous suivez notre lien pour acheter des billets, vous serez redirig\u00e9 vers le site de Reservix. En cons\u00e9quence, le traitement des donn\u00e9es personnelles est effectu\u00e9 par Reservix. Veuillez donc consulter la d\u00e9claration de confidentialit\u00e9 de Reservix : <br><br>D\u00e9claration de confidentialit\u00e9 de Reservix<\/li>\n\n\n\n<li><strong>Droits de la personne concern\u00e9e<\/strong><br>Si des donn\u00e9es \u00e0 caract\u00e8re personnel vous concernant sont trait\u00e9es, vous \u00eates une personne concern\u00e9e au sens du RGPD et vous disposez des droits suivants vis-\u00e0-vis du responsable du traitement :<\/li>\n<\/ol>\n<\/li>\n\n\n\n<li><strong>Droit d'acc\u00e8s<\/strong>\n<ol class=\"wp-block-list\">\n<li>Vous pouvez demander au responsable de confirmer si des donn\u00e9es \u00e0 caract\u00e8re personnel vous concernant sont trait\u00e9es par nous. Si un tel traitement existe, vous pouvez demander au responsable de vous fournir les informations suivantes : <br><br>1. les finalit\u00e9s pour lesquelles les donn\u00e9es \u00e0 caract\u00e8re personnel sont trait\u00e9es <br>2. les cat\u00e9gories de donn\u00e9es \u00e0 caract\u00e8re personnel trait\u00e9es <br>3. les destinataires ou les cat\u00e9gories de destinataires auxquels les donn\u00e9es \u00e0 caract\u00e8re personnel vous concernant ont \u00e9t\u00e9 ou seront divulgu\u00e9es <br>4. la dur\u00e9e pr\u00e9vue de conservation des donn\u00e9es \u00e0 caract\u00e8re personnel vous concernant ou, s'il n'est pas possible de fournir des informations sp\u00e9cifiques \u00e0 cet \u00e9gard, les crit\u00e8res de d\u00e9termination de la dur\u00e9e de conservation <br>5. l'existence d'un droit de rectification ou d'effacement des donn\u00e9es \u00e0 caract\u00e8re personnel vous concernant, d'un droit de limitation du traitement par le responsable du traitement ou d'un droit d'opposition \u00e0 ce traitement <br>6. l'existence d'un droit de recours aupr\u00e8s d'une autorit\u00e9 de contr\u00f4le <br>7. toutes les informations disponibles sur l'origine des donn\u00e9es, si les donn\u00e9es \u00e0 caract\u00e8re personnel ne sont pas collect\u00e9es aupr\u00e8s de la personne concern\u00e9e <br>8. l'existence d'une prise de d\u00e9cision automatis\u00e9e, y compris le profilage, conform\u00e9ment \u00e0 l'article 22, paragraphes 1 et 4, du RGPD et, au moins dans ces cas, des informations pertinentes sur la logique impliqu\u00e9e ainsi que sur la port\u00e9e et les effets escompt\u00e9s d'un tel traitement pour la personne concern\u00e9e. <br><br>Vous avez le droit de demander si les donn\u00e9es \u00e0 caract\u00e8re personnel vous concernant sont transf\u00e9r\u00e9es vers un pays tiers ou une organisation internationale. Dans ce contexte, vous pouvez demander \u00e0 \u00eatre inform\u00e9 des garanties appropri\u00e9es conform\u00e9ment \u00e0 l'article 46 du RGPD en rapport avec le transfert.<\/li>\n\n\n\n<li><strong>Droit de rectification<\/strong><br>Vous avez le droit de faire rectifier et\/ou compl\u00e9ter par le responsable si les donn\u00e9es \u00e0 caract\u00e8re personnel trait\u00e9es vous concernant sont inexactes ou incompl\u00e8tes. Le responsable doit proc\u00e9der \u00e0 la rectification sans d\u00e9lai.<\/li>\n\n\n\n<li><strong>Droit \u00e0 la limitation du traitement<\/strong><br>Dans les conditions suivantes, vous pouvez demander la limitation du traitement des donn\u00e9es \u00e0 caract\u00e8re personnel vous concernant : <br><br>1. si vous contestez l'exactitude des donn\u00e9es \u00e0 caract\u00e8re personnel vous concernant pendant une dur\u00e9e permettant au responsable du traitement de v\u00e9rifier l'exactitude de ces donn\u00e9es <br>2. le traitement est illicite et vous refusez l'effacement des donn\u00e9es \u00e0 caract\u00e8re personnel et demandez \u00e0 la place la limitation de l'utilisation des donn\u00e9es \u00e0 caract\u00e8re personnel <br>3. le responsable n'a plus besoin des donn\u00e9es \u00e0 caract\u00e8re personnel aux fins du traitement, mais vous en avez besoin pour faire valoir, exercer ou d\u00e9fendre des droits en justice ; ou <br>4. si vous vous \u00eates oppos\u00e9 au traitement conform\u00e9ment \u00e0 l'article 21, paragraphe 1, du RGPD et qu'il n'a pas encore \u00e9t\u00e9 \u00e9tabli si les motifs l\u00e9gitimes du responsable pr\u00e9valent sur les v\u00f4tres. <br><br>Si le traitement des donn\u00e9es \u00e0 caract\u00e8re personnel vous concernant a \u00e9t\u00e9 limit\u00e9, ces donn\u00e9es ne peuvent \u00eatre trait\u00e9es - \u00e0 l'exception de leur conservation - qu'avec votre consentement ou pour la constatation, l'exercice ou la d\u00e9fense de droits en justice ou pour la protection des droits d'une autre personne physique ou morale, ou encore pour un motif d'int\u00e9r\u00eat public important de l'Union ou d'un \u00c9tat membre. <br><br>Si la restriction du traitement a \u00e9t\u00e9 limit\u00e9e dans les conditions susmentionn\u00e9es, le responsable vous en informera avant de lever la restriction.<\/li>\n<\/ol>\n<\/li>\n\n\n\n<li><strong>Droit \u00e0 l'effacement<\/strong>\n<ol class=\"wp-block-list\">\n<li><strong>Obligation de suppression<\/strong><br>Vous pouvez exiger du responsable que les donn\u00e9es \u00e0 caract\u00e8re personnel vous concernant soient effac\u00e9es sans d\u00e9lai et le responsable est tenu d'effacer ces donn\u00e9es sans d\u00e9lai si l'une des raisons suivantes s'applique : <br><br>1) les donn\u00e9es \u00e0 caract\u00e8re personnel vous concernant ne sont plus n\u00e9cessaires au regard des finalit\u00e9s pour lesquelles elles ont \u00e9t\u00e9 collect\u00e9es ou trait\u00e9es d'une autre mani\u00e8re <br>2. vous retirez votre consentement sur lequel \u00e9tait fond\u00e9 le traitement conform\u00e9ment \u00e0 l'article 6, paragraphe 1, point a), ou \u00e0 l'article 9, paragraphe 2, point a), du RGPD, et il n'existe pas d'autre base juridique pour le traitement. <br>3. vous vous opposez au traitement conform\u00e9ment \u00e0 l'article 21, paragraphe 1, du RGPD et il n'existe pas de motifs l\u00e9gitimes prioritaires pour le traitement, ou vous vous opposez au traitement conform\u00e9ment \u00e0 l'article 21, paragraphe 2, du RGPD. <br>4. les donn\u00e9es \u00e0 caract\u00e8re personnel vous concernant ont \u00e9t\u00e9 trait\u00e9es ill\u00e9galement <br>5. l'effacement des donn\u00e9es \u00e0 caract\u00e8re personnel vous concernant est n\u00e9cessaire au respect d'une obligation l\u00e9gale en vertu du droit de l'Union ou du droit des \u00c9tats membres auquel le responsable du traitement est soumis. <br>6. les donn\u00e9es \u00e0 caract\u00e8re personnel vous concernant ont \u00e9t\u00e9 collect\u00e9es en relation avec des services de la soci\u00e9t\u00e9 de l'information propos\u00e9s conform\u00e9ment \u00e0 l'article 8, paragraphe 1, du RGPD.<\/li>\n\n\n\n<li><strong>Information \u00e0 des tiers<\/strong><br>Si le responsable a rendu publiques les donn\u00e9es \u00e0 caract\u00e8re personnel vous concernant et qu'il est tenu de les effacer en vertu de l'article 17, paragraphe 1, du RGPD, il prend, compte tenu des technologies disponibles et des co\u00fbts de mise en \u0153uvre, des mesures raisonnables, y compris des mesures techniques, pour informer les responsables du traitement des donn\u00e9es qui traitent les donn\u00e9es \u00e0 caract\u00e8re personnel que vous, en tant que personne concern\u00e9e, avez demand\u00e9 l'effacement de tous les liens vers ces donn\u00e9es \u00e0 caract\u00e8re personnel ou vers des copies ou des r\u00e9plications de ces donn\u00e9es.<\/li>\n\n\n\n<li><strong>Exceptions<\/strong><br>Le droit \u00e0 l'effacement n'existe pas dans la mesure o\u00f9 le traitement est n\u00e9cessaire <br><br>1. pour exercer le droit \u00e0 la libert\u00e9 d'expression et d'information <br>2. pour le respect d'une obligation l\u00e9gale qui exige le traitement en vertu du droit de l'Union ou des \u00c9tats membres auquel le responsable est soumis, ou pour l'ex\u00e9cution d'une mission d'int\u00e9r\u00eat public ou relevant de l'exercice de l'autorit\u00e9 publique dont le responsable est investi <br>3. pour des raisons d'int\u00e9r\u00eat public dans le domaine de la sant\u00e9 publique, conform\u00e9ment \u00e0 l'article 9, paragraphe 2, points h) et i), et \u00e0 l'article 9, paragraphe 3, du RGPD <br>4. \u00e0 des fins archivistiques dans l'int\u00e9r\u00eat public, \u00e0 des fins de recherche scientifique ou historique ou \u00e0 des fins statistiques conform\u00e9ment \u00e0 l'article 89, paragraphe 1, du RGPD, dans la mesure o\u00f9 le droit vis\u00e9 au point a) rend vraisemblablement impossible ou compromet s\u00e9rieusement la r\u00e9alisation des objectifs de ce traitement, ou <br>5. pour faire valoir, exercer ou d\u00e9fendre des droits l\u00e9gaux.<\/li>\n\n\n\n<li><strong>Droit \u00e0 l'information<\/strong><br>Si vous avez exerc\u00e9 votre droit de rectification, d'effacement ou de limitation du traitement aupr\u00e8s du responsable, celui-ci est tenu de communiquer cette rectification ou cet effacement des donn\u00e9es ou cette limitation du traitement \u00e0 tous les destinataires auxquels les donn\u00e9es \u00e0 caract\u00e8re personnel vous concernant ont \u00e9t\u00e9 divulgu\u00e9es, \u00e0 moins que cela ne s'av\u00e8re impossible ou n'implique un effort disproportionn\u00e9. <br><br>Vous avez le droit d'\u00eatre inform\u00e9 de ces destinataires par le responsable du traitement.<\/li>\n\n\n\n<li><strong>Droit \u00e0 la portabilit\u00e9 des donn\u00e9es<\/strong><br>Vous avez le droit de recevoir les donn\u00e9es \u00e0 caract\u00e8re personnel vous concernant que vous avez fournies au responsable dans un format structur\u00e9, couramment utilis\u00e9 et lisible par machine. Vous avez \u00e9galement le droit de transmettre ces donn\u00e9es \u00e0 un autre responsable du traitement sans que le responsable du traitement auquel les donn\u00e9es \u00e0 caract\u00e8re personnel ont \u00e9t\u00e9 communiqu\u00e9es y fasse obstacle, \u00e0 condition que <br><br>1. le traitement est bas\u00e9 sur le consentement conform\u00e9ment \u00e0 l'article 6, paragraphe 1, point a), du RGPD ou \u00e0 l'article 9, paragraphe 2, point a), du RGPD, ou sur un contrat conform\u00e9ment \u00e0 l'article 6, paragraphe 1, point b), du RGPD, et que <br>2. le traitement est effectu\u00e9 \u00e0 l'aide de proc\u00e9d\u00e9s automatis\u00e9s. <br><br>Dans l'exercice de ce droit, vous avez \u00e9galement le droit d'obtenir que les donn\u00e9es \u00e0 caract\u00e8re personnel vous concernant soient transmises directement d'un responsable du traitement \u00e0 un autre, lorsque cela est techniquement possible. Cela ne doit pas porter atteinte aux libert\u00e9s et aux droits d'autres personnes. <br>Le droit \u00e0 la portabilit\u00e9 des donn\u00e9es ne s'applique pas au traitement des donn\u00e9es \u00e0 caract\u00e8re personnel n\u00e9cessaire \u00e0 l'ex\u00e9cution d'une mission d'int\u00e9r\u00eat public ou relevant de l'exercice de l'autorit\u00e9 publique dont est investi le responsable du traitement.<\/li>\n\n\n\n<li><strong>Droit d'opposition<\/strong><br>Vous avez le droit de vous opposer \u00e0 tout moment, pour des raisons tenant \u00e0 votre situation particuli\u00e8re, au traitement des donn\u00e9es \u00e0 caract\u00e8re personnel vous concernant effectu\u00e9 sur la base de l'article 6, paragraphe 1, point e) ou f), du RGPD ; cela vaut \u00e9galement pour le profilage fond\u00e9 sur ces dispositions. <br><br>Le responsable ne traite plus les donn\u00e9es \u00e0 caract\u00e8re personnel vous concernant, \u00e0 moins qu'il ne puisse d\u00e9montrer qu'il existe des motifs l\u00e9gitimes et imp\u00e9rieux pour le traitement qui pr\u00e9valent sur vos int\u00e9r\u00eats, droits et libert\u00e9s, ou que le traitement sert \u00e0 faire valoir, exercer ou d\u00e9fendre des droits en justice. <br><br>Si les donn\u00e9es \u00e0 caract\u00e8re personnel vous concernant sont trait\u00e9es \u00e0 des fins de publicit\u00e9 directe, vous avez le droit de vous opposer \u00e0 tout moment au traitement des donn\u00e9es \u00e0 caract\u00e8re personnel vous concernant \u00e0 de telles fins de publicit\u00e9 ; cela s'applique \u00e9galement au profilage dans la mesure o\u00f9 il est li\u00e9 \u00e0 une telle publicit\u00e9 directe. <br><br>Si vous vous opposez au traitement \u00e0 des fins de publicit\u00e9 directe, les donn\u00e9es \u00e0 caract\u00e8re personnel vous concernant ne seront plus trait\u00e9es \u00e0 ces fins. <br><br>Dans le cadre de l'utilisation des services de la soci\u00e9t\u00e9 de l'information, et nonobstant la directive 2002\/58\/CE, vous avez la possibilit\u00e9 d'exercer votre droit d'opposition par le biais de proc\u00e9dures automatis\u00e9es utilisant des sp\u00e9cifications techniques.<\/li>\n\n\n\n<li><strong>Droit de r\u00e9voquer la d\u00e9claration de consentement en mati\u00e8re de protection des donn\u00e9es<\/strong><br>Vous avez le droit de r\u00e9voquer \u00e0 tout moment votre d\u00e9claration de consentement en mati\u00e8re de protection des donn\u00e9es. La r\u00e9vocation du consentement n'affecte pas la l\u00e9galit\u00e9 du traitement effectu\u00e9 sur la base du consentement jusqu'\u00e0 la r\u00e9vocation.<\/li>\n\n\n\n<li><strong>D\u00e9cision automatis\u00e9e au cas par cas, y compris le profilage<\/strong><br>Vous avez le droit de ne pas \u00eatre soumis \u00e0 une d\u00e9cision fond\u00e9e exclusivement sur un traitement automatis\u00e9 - y compris le profilage - produisant des effets juridiques \u00e0 votre \u00e9gard ou vous affectant de mani\u00e8re significative de fa\u00e7on similaire. Cela ne s'applique pas si la d\u00e9cision <br><br>1. est n\u00e9cessaire \u00e0 la conclusion ou \u00e0 l'ex\u00e9cution d'un contrat entre vous et le responsable du traitement, <br>2. est autoris\u00e9e par la l\u00e9gislation de l'Union ou des \u00c9tats membres \u00e0 laquelle le responsable est soumis et que cette l\u00e9gislation contient des mesures appropri\u00e9es pour la sauvegarde de vos droits et libert\u00e9s ainsi que de vos int\u00e9r\u00eats l\u00e9gitimes ; ou <br>3. se fait avec votre consentement explicite <br><br>Toutefois, ces d\u00e9cisions ne peuvent pas \u00eatre fond\u00e9es sur des cat\u00e9gories particuli\u00e8res de donn\u00e9es \u00e0 caract\u00e8re personnel conform\u00e9ment \u00e0 l'article 9, paragraphe 1, du RGPD, \u00e0 moins que l'article 9, paragraphe 2, point a) ou g), du RGPD ne s'applique et que des mesures appropri\u00e9es aient \u00e9t\u00e9 prises pour prot\u00e9ger les droits et libert\u00e9s ainsi que vos int\u00e9r\u00eats l\u00e9gitimes. <br><br>En ce qui concerne les cas vis\u00e9s aux points (1) et (3), le responsable prend des mesures appropri\u00e9es pour sauvegarder les droits et libert\u00e9s ainsi que vos int\u00e9r\u00eats l\u00e9gitimes, ce qui inclut au moins le droit d'obtenir l'intervention d'une personne de la part du responsable, d'exprimer son propre point de vue et de contester la d\u00e9cision.<\/li>\n\n\n\n<li><strong>Droit de recours aupr\u00e8s d'une autorit\u00e9 de contr\u00f4le<\/strong><br>Sans pr\u00e9judice de tout autre recours administratif ou judiciaire, vous avez le droit d'introduire une r\u00e9clamation aupr\u00e8s d'une autorit\u00e9 de contr\u00f4le, notamment dans l'\u00c9tat membre de votre r\u00e9sidence, de votre lieu de travail ou du lieu de la violation pr\u00e9sum\u00e9e, si vous estimez que le traitement des donn\u00e9es \u00e0 caract\u00e8re personnel vous concernant enfreint le RGPD. <br><br>L'autorit\u00e9 de contr\u00f4le aupr\u00e8s de laquelle la r\u00e9clamation a \u00e9t\u00e9 introduite informe le plaignant de l'\u00e9tat et de l'issue de la r\u00e9clamation, y compris de la possibilit\u00e9 d'un recours juridictionnel conform\u00e9ment \u00e0 l'article 78 du RGPD.<\/li>\n<\/ol>\n<\/li>\n<\/ol>\n\n\t<\/div>\n\n<\/div>\n\n<\/div>\n\n<\/div>\n<\/div><\/div>","protected":false},"excerpt":{"rendered":"","protected":false},"author":1,"featured_media":0,"parent":0,"menu_order":5,"comment_status":"closed","ping_status":"closed","template":"","meta":{"inline_featured_image":false,"footnotes":""},"class_list":["post-3","page","type-page","status-publish","hentry"],"yoast_head":"<!-- This site is optimized with the Yoast SEO plugin v21.7 - https:\/\/yoast.com\/wordpress\/plugins\/seo\/ -->\n<title>COLD WAR MUSEUM Berlin - Datenschutzerkl\u00e4rung<\/title>\n<meta name=\"description\" content=\"Erleben Sie diese wichtige historische Epoche endlich im Herzen der Hauptstadt des Kalten Krieges zukunftsweisend als High-Tech-Museum 4.0.\" \/>\n<meta name=\"robots\" content=\"noindex, nofollow\" \/>\n<meta property=\"og:locale\" content=\"fr_FR\" \/>\n<meta property=\"og:type\" content=\"article\" \/>\n<meta property=\"og:title\" content=\"COLD WAR MUSEUM Berlin - Datenschutzerkl\u00e4rung\" \/>\n<meta property=\"og:description\" content=\"Erleben Sie diese wichtige historische Epoche endlich im Herzen der Hauptstadt des Kalten Krieges zukunftsweisend als High-Tech-Museum 4.0.\" \/>\n<meta property=\"og:url\" content=\"https:\/\/coldwarmuseum.de\/fr\/declaration-de-confidentialite\/\" \/>\n<meta property=\"og:site_name\" content=\"COLD WAR MUSEUM Berlin\" \/>\n<meta property=\"article:publisher\" content=\"https:\/\/www.facebook.com\/coldwarmuseum\" \/>\n<meta property=\"article:modified_time\" content=\"2023-03-03T14:42:42+00:00\" \/>\n<meta name=\"twitter:card\" content=\"summary_large_image\" \/>\n<meta name=\"twitter:label1\" content=\"Dur\u00e9e de lecture estim\u00e9e\" \/>\n\t<meta name=\"twitter:data1\" content=\"23 minutes\" \/>\n<script type=\"application\/ld+json\" class=\"yoast-schema-graph\">{\"@context\":\"https:\/\/schema.org\",\"@graph\":[{\"@type\":\"WebPage\",\"@id\":\"https:\/\/coldwarmuseum.de\/datenschutzerklaerung\/\",\"url\":\"https:\/\/coldwarmuseum.de\/datenschutzerklaerung\/\",\"name\":\"COLD WAR MUSEUM Berlin - Datenschutzerkl\u00e4rung\",\"isPartOf\":{\"@id\":\"https:\/\/coldwarmuseum.de\/#website\"},\"datePublished\":\"2022-05-11T12:40:44+00:00\",\"dateModified\":\"2023-03-03T14:42:42+00:00\",\"description\":\"Erleben Sie diese wichtige historische Epoche endlich im Herzen der Hauptstadt des Kalten Krieges zukunftsweisend als High-Tech-Museum 4.0.\",\"breadcrumb\":{\"@id\":\"https:\/\/coldwarmuseum.de\/datenschutzerklaerung\/#breadcrumb\"},\"inLanguage\":\"fr-FR\",\"potentialAction\":[{\"@type\":\"ReadAction\",\"target\":[\"https:\/\/coldwarmuseum.de\/datenschutzerklaerung\/\"]}]},{\"@type\":\"BreadcrumbList\",\"@id\":\"https:\/\/coldwarmuseum.de\/datenschutzerklaerung\/#breadcrumb\",\"itemListElement\":[{\"@type\":\"ListItem\",\"position\":1,\"name\":\"Startseite\",\"item\":\"https:\/\/coldwarmuseum.de\/\"},{\"@type\":\"ListItem\",\"position\":2,\"name\":\"Datenschutzerkl\u00e4rung\"}]},{\"@type\":\"WebSite\",\"@id\":\"https:\/\/coldwarmuseum.de\/#website\",\"url\":\"https:\/\/coldwarmuseum.de\/\",\"name\":\"COLD WAR MUSEUM Berlin\",\"description\":\"EXPERIENCE TWO SIDES OF THE SAME STORY.\",\"publisher\":{\"@id\":\"https:\/\/coldwarmuseum.de\/#organization\"},\"potentialAction\":[{\"@type\":\"SearchAction\",\"target\":{\"@type\":\"EntryPoint\",\"urlTemplate\":\"https:\/\/coldwarmuseum.de\/?s={search_term_string}\"},\"query-input\":\"required name=search_term_string\"}],\"inLanguage\":\"fr-FR\"},{\"@type\":\"Organization\",\"@id\":\"https:\/\/coldwarmuseum.de\/#organization\",\"name\":\"COLD WAR MUSEUM\",\"url\":\"https:\/\/coldwarmuseum.de\/\",\"logo\":{\"@type\":\"ImageObject\",\"inLanguage\":\"fr-FR\",\"@id\":\"https:\/\/coldwarmuseum.de\/#\/schema\/logo\/image\/\",\"url\":\"https:\/\/coldwarmuseum.de\/wp-content\/uploads\/ctmLogoDark.svg\",\"contentUrl\":\"https:\/\/coldwarmuseum.de\/wp-content\/uploads\/ctmLogoDark.svg\",\"width\":167,\"height\":63,\"caption\":\"COLD WAR MUSEUM\"},\"image\":{\"@id\":\"https:\/\/coldwarmuseum.de\/#\/schema\/logo\/image\/\"},\"sameAs\":[\"https:\/\/www.facebook.com\/coldwarmuseum\"]}]}<\/script>\n<!-- \/ Yoast SEO plugin. -->","yoast_head_json":{"title":"COLD WAR MUSEUM Berlin - Datenschutzerkl\u00e4rung","description":"Erleben Sie diese wichtige historische Epoche endlich im Herzen der Hauptstadt des Kalten Krieges zukunftsweisend als High-Tech-Museum 4.0.","robots":{"index":"noindex","follow":"nofollow"},"og_locale":"fr_FR","og_type":"article","og_title":"COLD WAR MUSEUM Berlin - Datenschutzerkl\u00e4rung","og_description":"Erleben Sie diese wichtige historische Epoche endlich im Herzen der Hauptstadt des Kalten Krieges zukunftsweisend als High-Tech-Museum 4.0.","og_url":"https:\/\/coldwarmuseum.de\/fr\/declaration-de-confidentialite\/","og_site_name":"COLD WAR MUSEUM Berlin","article_publisher":"https:\/\/www.facebook.com\/coldwarmuseum","article_modified_time":"2023-03-03T14:42:42+00:00","twitter_card":"summary_large_image","twitter_misc":{"Dur\u00e9e de lecture estim\u00e9e":"23 minutes"},"schema":{"@context":"https:\/\/schema.org","@graph":[{"@type":"WebPage","@id":"https:\/\/coldwarmuseum.de\/datenschutzerklaerung\/","url":"https:\/\/coldwarmuseum.de\/datenschutzerklaerung\/","name":"COLD WAR MUSEUM Berlin - Datenschutzerkl\u00e4rung","isPartOf":{"@id":"https:\/\/coldwarmuseum.de\/#website"},"datePublished":"2022-05-11T12:40:44+00:00","dateModified":"2023-03-03T14:42:42+00:00","description":"Erleben Sie diese wichtige historische Epoche endlich im Herzen der Hauptstadt des Kalten Krieges zukunftsweisend als High-Tech-Museum 4.0.","breadcrumb":{"@id":"https:\/\/coldwarmuseum.de\/datenschutzerklaerung\/#breadcrumb"},"inLanguage":"fr-FR","potentialAction":[{"@type":"ReadAction","target":["https:\/\/coldwarmuseum.de\/datenschutzerklaerung\/"]}]},{"@type":"BreadcrumbList","@id":"https:\/\/coldwarmuseum.de\/datenschutzerklaerung\/#breadcrumb","itemListElement":[{"@type":"ListItem","position":1,"name":"Startseite","item":"https:\/\/coldwarmuseum.de\/"},{"@type":"ListItem","position":2,"name":"Datenschutzerkl\u00e4rung"}]},{"@type":"WebSite","@id":"https:\/\/coldwarmuseum.de\/#website","url":"https:\/\/coldwarmuseum.de\/","name":"COLD WAR MUSEUM Berlin","description":"EXPERIENCE TWO SIDES OF THE SAME STORY.","publisher":{"@id":"https:\/\/coldwarmuseum.de\/#organization"},"potentialAction":[{"@type":"SearchAction","target":{"@type":"EntryPoint","urlTemplate":"https:\/\/coldwarmuseum.de\/?s={search_term_string}"},"query-input":"required name=search_term_string"}],"inLanguage":"fr-FR"},{"@type":"Organization","@id":"https:\/\/coldwarmuseum.de\/#organization","name":"COLD WAR MUSEUM","url":"https:\/\/coldwarmuseum.de\/","logo":{"@type":"ImageObject","inLanguage":"fr-FR","@id":"https:\/\/coldwarmuseum.de\/#\/schema\/logo\/image\/","url":"https:\/\/coldwarmuseum.de\/wp-content\/uploads\/ctmLogoDark.svg","contentUrl":"https:\/\/coldwarmuseum.de\/wp-content\/uploads\/ctmLogoDark.svg","width":167,"height":63,"caption":"COLD WAR MUSEUM"},"image":{"@id":"https:\/\/coldwarmuseum.de\/#\/schema\/logo\/image\/"},"sameAs":["https:\/\/www.facebook.com\/coldwarmuseum"]}]}},"acf":[],"_links":{"self":[{"href":"https:\/\/coldwarmuseum.de\/fr\/wp-json\/wp\/v2\/pages\/3","targetHints":{"allow":["GET"]}}],"collection":[{"href":"https:\/\/coldwarmuseum.de\/fr\/wp-json\/wp\/v2\/pages"}],"about":[{"href":"https:\/\/coldwarmuseum.de\/fr\/wp-json\/wp\/v2\/types\/page"}],"author":[{"embeddable":true,"href":"https:\/\/coldwarmuseum.de\/fr\/wp-json\/wp\/v2\/users\/1"}],"replies":[{"embeddable":true,"href":"https:\/\/coldwarmuseum.de\/fr\/wp-json\/wp\/v2\/comments?post=3"}],"version-history":[{"count":15,"href":"https:\/\/coldwarmuseum.de\/fr\/wp-json\/wp\/v2\/pages\/3\/revisions"}],"predecessor-version":[{"id":2104,"href":"https:\/\/coldwarmuseum.de\/fr\/wp-json\/wp\/v2\/pages\/3\/revisions\/2104"}],"wp:attachment":[{"href":"https:\/\/coldwarmuseum.de\/fr\/wp-json\/wp\/v2\/media?parent=3"}],"curies":[{"name":"wp","href":"https:\/\/api.w.org\/{rel}","templated":true}]}}